{"id":184,"date":"2020-09-17T23:25:49","date_gmt":"2020-09-18T02:25:49","guid":{"rendered":"http:\/\/avmartinmalharro.edu.ar\/usina\/?page_id=184"},"modified":"2021-10-18T20:53:52","modified_gmt":"2021-10-18T23:53:52","slug":"escenografia-2020","status":"publish","type":"page","link":"http:\/\/avmartinmalharro.edu.ar\/usina\/archivo\/2020-2\/escenografia-2020\/","title":{"rendered":"Escenograf\u00eda"},"content":{"rendered":"<p><div class=\"foogallery foogallery-container foogallery-masonry foogallery-lightbox-foobox fg-center fg-masonry fg-light fg-border-thin fg-shadow-outline fg-loading-trail fg-loaded-fade-in fg-hover-zoomed fg-caption-hover fg-hover-fade fg-hover-plus\" id=\"foogallery-gallery-298\" data-foogallery=\"{&quot;item&quot;:{&quot;showCaptionTitle&quot;:true,&quot;showCaptionDescription&quot;:true},&quot;lazy&quot;:true,&quot;src&quot;:&quot;data-src-fg&quot;,&quot;srcset&quot;:&quot;data-srcset-fg&quot;,&quot;paging&quot;:{&quot;type&quot;:&quot;dots&quot;,&quot;theme&quot;:&quot;fg-light&quot;,&quot;size&quot;:100,&quot;position&quot;:&quot;bottom&quot;,&quot;scrollToTop&quot;:true},&quot;template&quot;:{&quot;layout&quot;:&quot;fixed&quot;,&quot;columnWidth&quot;:280,&quot;gutter&quot;:20}}\" data-fg-common-fields=\"1\" >\r\n\t<div class=\"fg-item\"><figure class=\"fg-item-inner\"><a href=\"http:\/\/avmartinmalharro.edu.ar\/usina\/wp-content\/uploads\/2020\/09\/Escenografia-1er-a\u00f1o-Historia-del-Traje-Issa-Maria-Cecilia-Plebeyo.jpg\" data-caption-desc=\"Issa Maria Cecilia\" data-caption-title=\"Escenograf\u00eda 1er a\u00f1o - Historia del Traje - Plebeyo\" data-attachment-id=\"1025\" class=\"fg-thumb\"><span class=\"fg-image-wrap\"><img width=\"280\" height=\"409\" data-src-fg=\"http:\/\/avmartinmalharro.edu.ar\/usina\/wp-content\/uploads\/cache\/2020\/09\/Escenografia-1er-a\u00f1o-Historia-del-Traje-Issa-Maria-Cecilia-Plebeyo\/3857025312.jpg\" class=\"fg-image\" \/><\/span><\/a><figcaption class=\"fg-caption\"><div class=\"fg-caption-inner\"><div class=\"fg-caption-title\">Escenograf\u00eda 1er a\u00f1o - Historia del Traje - Plebeyo<\/div><div class=\"fg-caption-desc\">Issa Maria Cecilia<\/div><\/div><\/figcaption><\/figure><div class=\"fg-loader\"><\/div><\/div><div class=\"fg-item\"><figure class=\"fg-item-inner\"><a href=\"http:\/\/avmartinmalharro.edu.ar\/usina\/wp-content\/uploads\/2020\/09\/Escenograf\u00eda-1\u00b0a\u00f1o-Fern\u00e1ndez-Macarena_maqueta-escenografica-iluminada.jpg\" data-caption-desc=\"Fern\u00e1ndez, Macarena\" data-caption-title=\"Escenograf\u00eda - 1\u00b0a\u00f1o- Maqueta escenogr\u00e1fica iluminada\" data-attachment-id=\"1026\" class=\"fg-thumb\"><span class=\"fg-image-wrap\"><img width=\"280\" height=\"411\" data-src-fg=\"http:\/\/avmartinmalharro.edu.ar\/usina\/wp-content\/uploads\/cache\/2020\/09\/Escenograf\u00eda-1\u00b0a\u00f1o-Fern\u00e1ndez-Macarena_maqueta-escenografica-iluminada\/1207709385.jpg\" class=\"fg-image\" \/><\/span><\/a><figcaption class=\"fg-caption\"><div class=\"fg-caption-inner\"><div class=\"fg-caption-title\">Escenograf\u00eda - 1\u00b0a\u00f1o- Maqueta escenogr\u00e1fica iluminada<\/div><div class=\"fg-caption-desc\">Fern\u00e1ndez, Macarena<\/div><\/div><\/figcaption><\/figure><div class=\"fg-loader\"><\/div><\/div><div class=\"fg-item\"><figure class=\"fg-item-inner\"><a href=\"http:\/\/avmartinmalharro.edu.ar\/usina\/wp-content\/uploads\/2020\/09\/Escenografia-1er-a\u00f1o-Giuliana-Navarro.png\" data-caption-desc=\"Giuliana Navarro\" data-caption-title=\"Escenografia- 1er a\u00f1o\" data-attachment-id=\"1027\" class=\"fg-thumb\"><span class=\"fg-image-wrap\"><img width=\"280\" height=\"185\" data-src-fg=\"http:\/\/avmartinmalharro.edu.ar\/usina\/wp-content\/uploads\/cache\/2020\/09\/Escenografia-1er-a\u00f1o-Giuliana-Navarro\/3281882615.png\" class=\"fg-image\" \/><\/span><\/a><figcaption class=\"fg-caption\"><div class=\"fg-caption-inner\"><div class=\"fg-caption-title\">Escenografia- 1er a\u00f1o<\/div><div class=\"fg-caption-desc\">Giuliana Navarro<\/div><\/div><\/figcaption><\/figure><div class=\"fg-loader\"><\/div><\/div><div class=\"fg-item\"><figure class=\"fg-item-inner\"><a href=\"http:\/\/avmartinmalharro.edu.ar\/usina\/wp-content\/uploads\/2020\/09\/Escenograf\u00eda.-1\u00b0a\u00f1o.-Pellitero-Natalia_maqueta-escenografica.-JPG.jpg\" data-caption-desc=\"Pellitero Natalia\" data-caption-title=\"Escenograf\u00eda. 1\u00b0a\u00f1o - Maqueta escenogr\u00e1fica\" data-attachment-id=\"1028\" class=\"fg-thumb\"><span class=\"fg-image-wrap\"><img width=\"280\" height=\"396\" data-src-fg=\"http:\/\/avmartinmalharro.edu.ar\/usina\/wp-content\/uploads\/cache\/2020\/09\/Escenograf\u00eda_-1\u00b0a\u00f1o_-Pellitero-Natalia_maqueta-escenografica_-JPG\/3654448501.jpg\" class=\"fg-image\" \/><\/span><\/a><figcaption class=\"fg-caption\"><div class=\"fg-caption-inner\"><div class=\"fg-caption-title\">Escenograf\u00eda. 1\u00b0a\u00f1o - Maqueta escenogr\u00e1fica<\/div><div class=\"fg-caption-desc\">Pellitero Natalia<\/div><\/div><\/figcaption><\/figure><div class=\"fg-loader\"><\/div><\/div><div class=\"fg-item\"><figure class=\"fg-item-inner\"><a href=\"http:\/\/avmartinmalharro.edu.ar\/usina\/wp-content\/uploads\/2020\/09\/Escenografia_1\u00b0-a\u00f1o_Blume-Patricia.jpeg\" data-caption-desc=\"Blume Patricia\" data-caption-title=\"Escenografia - 1\u00b0 a\u00f1o - Maqueta escenogr\u00e1fica\" data-attachment-id=\"1029\" class=\"fg-thumb\"><span class=\"fg-image-wrap\"><img width=\"280\" height=\"210\" data-src-fg=\"http:\/\/avmartinmalharro.edu.ar\/usina\/wp-content\/uploads\/cache\/2020\/09\/Escenografia_1\u00b0-a\u00f1o_Blume-Patricia\/3102723049.jpeg\" class=\"fg-image\" \/><\/span><\/a><figcaption class=\"fg-caption\"><div class=\"fg-caption-inner\"><div class=\"fg-caption-title\">Escenografia - 1\u00b0 a\u00f1o - Maqueta escenogr\u00e1fica<\/div><div class=\"fg-caption-desc\">Blume Patricia<\/div><\/div><\/figcaption><\/figure><div class=\"fg-loader\"><\/div><\/div><div class=\"fg-item\"><figure class=\"fg-item-inner\"><a href=\"http:\/\/avmartinmalharro.edu.ar\/usina\/wp-content\/uploads\/2020\/09\/Escenografia_1\u00b0a\u00f1o_Barbeito-Graciela1b.jpg\" data-caption-desc=\"Barbeito Graciela\" data-caption-title=\"Escenografia - 1\u00b0a\u00f1o B\" data-attachment-id=\"1030\" class=\"fg-thumb\"><span class=\"fg-image-wrap\"><img width=\"280\" height=\"417\" data-src-fg=\"http:\/\/avmartinmalharro.edu.ar\/usina\/wp-content\/uploads\/cache\/2020\/09\/Escenografia_1\u00b0a\u00f1o_Barbeito-Graciela1b\/4249603730.jpg\" class=\"fg-image\" \/><\/span><\/a><figcaption class=\"fg-caption\"><div class=\"fg-caption-inner\"><div class=\"fg-caption-title\">Escenografia - 1\u00b0a\u00f1o B<\/div><div class=\"fg-caption-desc\">Barbeito Graciela<\/div><\/div><\/figcaption><\/figure><div class=\"fg-loader\"><\/div><\/div><div class=\"fg-item\"><figure class=\"fg-item-inner\"><a href=\"http:\/\/avmartinmalharro.edu.ar\/usina\/wp-content\/uploads\/2020\/09\/Escenografia_1\u00b0a\u00f1o_Barbeito-Graciela2.jpeg\" data-caption-desc=\"Barbeito Graciela\" data-caption-title=\"Escenografia - 1\u00b0a\u00f1o\" data-attachment-id=\"1031\" class=\"fg-thumb\"><span class=\"fg-image-wrap\"><img width=\"280\" height=\"210\" data-src-fg=\"http:\/\/avmartinmalharro.edu.ar\/usina\/wp-content\/uploads\/cache\/2020\/09\/Escenografia_1\u00b0a\u00f1o_Barbeito-Graciela2\/4136892994.jpeg\" class=\"fg-image\" \/><\/span><\/a><figcaption class=\"fg-caption\"><div class=\"fg-caption-inner\"><div class=\"fg-caption-title\">Escenografia - 1\u00b0a\u00f1o<\/div><div class=\"fg-caption-desc\">Barbeito Graciela<\/div><\/div><\/figcaption><\/figure><div class=\"fg-loader\"><\/div><\/div><div class=\"fg-item\"><figure class=\"fg-item-inner\"><a href=\"http:\/\/avmartinmalharro.edu.ar\/usina\/wp-content\/uploads\/2020\/09\/Escenografia_1\u00b0a\u00f1o_Maria-Dolores-Amsler.gif\" data-caption-desc=\"Maria Dolores Amsler\" data-caption-title=\"Escenograf\u00eda - 1\u00b0a\u00f1o\" data-attachment-id=\"1032\" class=\"fg-thumb\"><span class=\"fg-image-wrap\"><img width=\"280\" height=\"346\" data-src-fg=\"http:\/\/avmartinmalharro.edu.ar\/usina\/wp-content\/uploads\/cache\/2020\/09\/Escenografia_1\u00b0a\u00f1o_Maria-Dolores-Amsler\/3896260494.png\" class=\"fg-image\" \/><\/span><\/a><figcaption class=\"fg-caption\"><div class=\"fg-caption-inner\"><div class=\"fg-caption-title\">Escenograf\u00eda - 1\u00b0a\u00f1o<\/div><div class=\"fg-caption-desc\">Maria Dolores Amsler<\/div><\/div><\/figcaption><\/figure><div class=\"fg-loader\"><\/div><\/div><div class=\"fg-item\"><figure class=\"fg-item-inner\"><a href=\"http:\/\/avmartinmalharro.edu.ar\/usina\/wp-content\/uploads\/2020\/09\/Escenografia_1\u00b0a\u00f1o_Sebastian-Mejias-Boceto-escenografico.jpg\" data-caption-desc=\"Sebasti\u00e1n Mej\u00edas\" data-caption-title=\"Escenograf\u00eda - 1\u00b0a\u00f1o - Boceto escenogr\u00e1fico\" data-attachment-id=\"1033\" class=\"fg-thumb\"><span class=\"fg-image-wrap\"><img width=\"280\" height=\"376\" data-src-fg=\"http:\/\/avmartinmalharro.edu.ar\/usina\/wp-content\/uploads\/cache\/2020\/09\/Escenografia_1\u00b0a\u00f1o_Sebastian-Mejias-Boceto-escenografico\/833912700.jpg\" class=\"fg-image\" \/><\/span><\/a><figcaption class=\"fg-caption\"><div class=\"fg-caption-inner\"><div class=\"fg-caption-title\">Escenograf\u00eda - 1\u00b0a\u00f1o - Boceto escenogr\u00e1fico<\/div><div class=\"fg-caption-desc\">Sebasti\u00e1n Mej\u00edas<\/div><\/div><\/figcaption><\/figure><div class=\"fg-loader\"><\/div><\/div><div class=\"fg-item\"><figure class=\"fg-item-inner\"><a href=\"http:\/\/avmartinmalharro.edu.ar\/usina\/wp-content\/uploads\/2020\/09\/Escenografia_1\u00b0a\u00f1o_Susana-Lia-Rodriguez.jpg\" data-caption-desc=\"Susana L\u00eda Rodr\u00edguez\" data-caption-title=\"Escenograf\u00eda - 1\u00b0a\u00f1o\" data-attachment-id=\"1034\" class=\"fg-thumb\"><span class=\"fg-image-wrap\"><img width=\"280\" height=\"136\" data-src-fg=\"http:\/\/avmartinmalharro.edu.ar\/usina\/wp-content\/uploads\/cache\/2020\/09\/Escenografia_1\u00b0a\u00f1o_Susana-Lia-Rodriguez\/773841863.jpg\" class=\"fg-image\" \/><\/span><\/a><figcaption class=\"fg-caption\"><div class=\"fg-caption-inner\"><div class=\"fg-caption-title\">Escenograf\u00eda - 1\u00b0a\u00f1o<\/div><div class=\"fg-caption-desc\">Susana L\u00eda Rodr\u00edguez<\/div><\/div><\/figcaption><\/figure><div class=\"fg-loader\"><\/div><\/div><div class=\"fg-item\"><figure class=\"fg-item-inner\"><a href=\"http:\/\/avmartinmalharro.edu.ar\/usina\/wp-content\/uploads\/2020\/09\/Escenografia_1\u00b0a\u00f1o_Terra-Pedro2.jpeg\" data-caption-desc=\"Terra Pedro\" data-caption-title=\"Escenograf\u00eda - 1\u00b0a\u00f1o\" data-attachment-id=\"1035\" class=\"fg-thumb\"><span class=\"fg-image-wrap\"><img width=\"280\" height=\"183\" data-src-fg=\"http:\/\/avmartinmalharro.edu.ar\/usina\/wp-content\/uploads\/cache\/2020\/09\/Escenografia_1\u00b0a\u00f1o_Terra-Pedro2\/4024801108.jpeg\" class=\"fg-image\" \/><\/span><\/a><figcaption class=\"fg-caption\"><div class=\"fg-caption-inner\"><div class=\"fg-caption-title\">Escenograf\u00eda - 1\u00b0a\u00f1o<\/div><div class=\"fg-caption-desc\">Terra Pedro<\/div><\/div><\/figcaption><\/figure><div class=\"fg-loader\"><\/div><\/div><div class=\"fg-item\"><figure class=\"fg-item-inner\"><a href=\"http:\/\/avmartinmalharro.edu.ar\/usina\/wp-content\/uploads\/2020\/09\/Escenografia_1\u00b0a\u00f1o-Barbeito-Graciela_Historia-del-traje1a.jpg\" data-caption-desc=\"Barbeito Graciela\" data-caption-title=\"Escenograf\u00eda - 1\u00b0a\u00f1o A - Historia del traje\" data-attachment-id=\"1036\" class=\"fg-thumb\"><span class=\"fg-image-wrap\"><img width=\"280\" height=\"347\" data-src-fg=\"http:\/\/avmartinmalharro.edu.ar\/usina\/wp-content\/uploads\/cache\/2020\/09\/Escenografia_1\u00b0a\u00f1o-Barbeito-Graciela_Historia-del-traje1a\/77040126.jpg\" class=\"fg-image\" \/><\/span><\/a><figcaption class=\"fg-caption\"><div class=\"fg-caption-inner\"><div class=\"fg-caption-title\">Escenograf\u00eda - 1\u00b0a\u00f1o A - Historia del traje<\/div><div class=\"fg-caption-desc\">Barbeito Graciela<\/div><\/div><\/figcaption><\/figure><div class=\"fg-loader\"><\/div><\/div><div class=\"fg-item\"><figure class=\"fg-item-inner\"><a href=\"http:\/\/avmartinmalharro.edu.ar\/usina\/wp-content\/uploads\/2020\/09\/Escenograf\u00eda-2\u00b0-Historia-del-traje-L\u00f3pez-Sol-2.jpg\" data-caption-desc=\"L\u00f3pez Sol\" data-caption-title=\"Escenograf\u00eda 2do - Historia del Traje\" data-attachment-id=\"1037\" class=\"fg-thumb\"><span class=\"fg-image-wrap\"><img width=\"280\" height=\"198\" data-src-fg=\"http:\/\/avmartinmalharro.edu.ar\/usina\/wp-content\/uploads\/cache\/2020\/09\/Escenograf\u00eda-2\u00b0-Historia-del-traje-L\u00f3pez-Sol-2\/2023306108.jpg\" class=\"fg-image\" \/><\/span><\/a><figcaption class=\"fg-caption\"><div class=\"fg-caption-inner\"><div class=\"fg-caption-title\">Escenograf\u00eda 2do - Historia del Traje<\/div><div class=\"fg-caption-desc\">L\u00f3pez Sol<\/div><\/div><\/figcaption><\/figure><div class=\"fg-loader\"><\/div><\/div><div class=\"fg-item\"><figure class=\"fg-item-inner\"><a href=\"http:\/\/avmartinmalharro.edu.ar\/usina\/wp-content\/uploads\/2020\/09\/Escenograf\u00eda-2do-Historia-del-Traje-Issa-Maria-Cecilia.png\" data-caption-desc=\"Issa Maria Cecilia\" data-caption-title=\"Escenograf\u00eda 2do - Historia del Traje\" data-attachment-id=\"1038\" class=\"fg-thumb\"><span class=\"fg-image-wrap\"><img width=\"280\" height=\"140\" data-src-fg=\"http:\/\/avmartinmalharro.edu.ar\/usina\/wp-content\/uploads\/cache\/2020\/09\/Escenograf\u00eda-2do-Historia-del-Traje-Issa-Maria-Cecilia\/3136001092.png\" class=\"fg-image\" \/><\/span><\/a><figcaption class=\"fg-caption\"><div class=\"fg-caption-inner\"><div class=\"fg-caption-title\">Escenograf\u00eda 2do - Historia del Traje<\/div><div class=\"fg-caption-desc\">Issa Maria Cecilia<\/div><\/div><\/figcaption><\/figure><div class=\"fg-loader\"><\/div><\/div><div class=\"fg-item\"><figure class=\"fg-item-inner\"><a href=\"http:\/\/avmartinmalharro.edu.ar\/usina\/wp-content\/uploads\/2020\/09\/Escenograf\u00eda-2\u00b0a\u00f1o-Pellitero-Natalia-vestuario-en-escala.jpg\" data-caption-desc=\"Pellitero Natalia\" data-caption-title=\"Escenograf\u00eda 2do - Vestuario en escala\" data-attachment-id=\"1039\" class=\"fg-thumb\"><span class=\"fg-image-wrap\"><img width=\"280\" height=\"198\" data-src-fg=\"http:\/\/avmartinmalharro.edu.ar\/usina\/wp-content\/uploads\/cache\/2020\/09\/Escenograf\u00eda-2\u00b0a\u00f1o-Pellitero-Natalia-vestuario-en-escala\/1185093288.jpg\" class=\"fg-image\" \/><\/span><\/a><figcaption class=\"fg-caption\"><div class=\"fg-caption-inner\"><div class=\"fg-caption-title\">Escenograf\u00eda 2do - Vestuario en escala<\/div><div class=\"fg-caption-desc\">Pellitero Natalia<\/div><\/div><\/figcaption><\/figure><div class=\"fg-loader\"><\/div><\/div><div class=\"fg-item\"><figure class=\"fg-item-inner\"><a href=\"http:\/\/avmartinmalharro.edu.ar\/usina\/wp-content\/uploads\/2020\/09\/Escenograf\u00eda_2\u00b0a\u00f1o_Nunes-Camila_Boceto-escenogr\u00e1fico-obra-teatral-La-mujer-del-b\u00edgamo.jpg\" data-caption-desc=\"Nunes Camila\" data-caption-title=\"Escenograf\u00eda 2do - Boceto escenogr\u00e1fico obra teatral La mujer del b\u00edgamo\" data-attachment-id=\"1040\" class=\"fg-thumb\"><span class=\"fg-image-wrap\"><img width=\"280\" height=\"185\" data-src-fg=\"http:\/\/avmartinmalharro.edu.ar\/usina\/wp-content\/uploads\/cache\/2020\/09\/Escenograf\u00eda_2\u00b0a\u00f1o_Nunes-Camila_Boceto-escenogr\u00e1fico-obra-teatral-La-mujer-del-b\u00edgamo\/1370714711.jpg\" class=\"fg-image\" \/><\/span><\/a><figcaption class=\"fg-caption\"><div class=\"fg-caption-inner\"><div class=\"fg-caption-title\">Escenograf\u00eda 2do - Boceto escenogr\u00e1fico obra teatral La mujer del b\u00edgamo<\/div><div class=\"fg-caption-desc\">Nunes Camila<\/div><\/div><\/figcaption><\/figure><div class=\"fg-loader\"><\/div><\/div><div class=\"fg-item\"><figure class=\"fg-item-inner\"><a href=\"http:\/\/avmartinmalharro.edu.ar\/usina\/wp-content\/uploads\/2020\/09\/Escenografia_2\u00b0a\u00f1o_Nunes-Camila_Maqueta-escenogr\u00e1fica-obra-La-mujer-del-b\u00edgamo.jpg\" data-caption-desc=\"Nunes Camila\" data-caption-title=\"Escenograf\u00eda 2do - Boceto escenogr\u00e1fico obra teatral La mujer del b\u00edgamo\" data-attachment-id=\"1041\" class=\"fg-thumb\"><span class=\"fg-image-wrap\"><img width=\"280\" height=\"199\" data-src-fg=\"http:\/\/avmartinmalharro.edu.ar\/usina\/wp-content\/uploads\/cache\/2020\/09\/Escenografia_2\u00b0a\u00f1o_Nunes-Camila_Maqueta-escenogr\u00e1fica-obra-La-mujer-del-b\u00edgamo\/2336399074.jpg\" class=\"fg-image\" \/><\/span><\/a><figcaption class=\"fg-caption\"><div class=\"fg-caption-inner\"><div class=\"fg-caption-title\">Escenograf\u00eda 2do - Boceto escenogr\u00e1fico obra teatral La mujer del b\u00edgamo<\/div><div class=\"fg-caption-desc\">Nunes Camila<\/div><\/div><\/figcaption><\/figure><div class=\"fg-loader\"><\/div><\/div><div class=\"fg-item\"><figure class=\"fg-item-inner\"><a href=\"http:\/\/avmartinmalharro.edu.ar\/usina\/wp-content\/uploads\/2020\/09\/Escenograf\u00eda_2\u00b0a\u00f1o-Pellitero-Natalia_boceto-escenogr\u00e1fico-expresionismo.jpg\" data-caption-desc=\"Pellitero Natalia\" data-caption-title=\"Escenograf\u00eda 2do - Boceto escenogr\u00e1fico Expresionismo\" data-attachment-id=\"1042\" class=\"fg-thumb\"><span class=\"fg-image-wrap\"><img width=\"280\" height=\"193\" data-src-fg=\"http:\/\/avmartinmalharro.edu.ar\/usina\/wp-content\/uploads\/cache\/2020\/09\/Escenograf\u00eda_2\u00b0a\u00f1o-Pellitero-Natalia_boceto-escenogr\u00e1fico-expresionismo\/2454208457.jpg\" class=\"fg-image\" \/><\/span><\/a><figcaption class=\"fg-caption\"><div class=\"fg-caption-inner\"><div class=\"fg-caption-title\">Escenograf\u00eda 2do - Boceto escenogr\u00e1fico Expresionismo<\/div><div class=\"fg-caption-desc\">Pellitero Natalia<\/div><\/div><\/figcaption><\/figure><div class=\"fg-loader\"><\/div><\/div><div class=\"fg-item\"><figure class=\"fg-item-inner\"><a href=\"http:\/\/avmartinmalharro.edu.ar\/usina\/wp-content\/uploads\/2020\/09\/Escenografia_Foba-8_Calles-Candela-_maquillaje.png\" data-caption-desc=\"Calles Candela\" data-caption-title=\"Escenograf\u00eda - Foba 8 - Maquillaje\" data-attachment-id=\"1043\" class=\"fg-thumb\"><span class=\"fg-image-wrap\"><img width=\"280\" height=\"375\" data-src-fg=\"http:\/\/avmartinmalharro.edu.ar\/usina\/wp-content\/uploads\/cache\/2020\/09\/Escenografia_Foba-8_Calles-Candela-_maquillaje\/2505286326.png\" class=\"fg-image\" \/><\/span><\/a><figcaption class=\"fg-caption\"><div class=\"fg-caption-inner\"><div class=\"fg-caption-title\">Escenograf\u00eda - Foba 8 - Maquillaje<\/div><div class=\"fg-caption-desc\">Calles Candela<\/div><\/div><\/figcaption><\/figure><div class=\"fg-loader\"><\/div><\/div><div class=\"fg-item\"><figure class=\"fg-item-inner\"><a href=\"http:\/\/avmartinmalharro.edu.ar\/usina\/wp-content\/uploads\/2020\/09\/Escenografia_Foba-8_Calles-Candela.png\" data-caption-desc=\"Calles Candela\" data-caption-title=\"Escenograf\u00eda - Foba 8\" data-attachment-id=\"1044\" class=\"fg-thumb\"><span class=\"fg-image-wrap\"><img width=\"280\" height=\"372\" data-src-fg=\"http:\/\/avmartinmalharro.edu.ar\/usina\/wp-content\/uploads\/cache\/2020\/09\/Escenografia_Foba-8_Calles-Candela\/2640519209.png\" class=\"fg-image\" \/><\/span><\/a><figcaption class=\"fg-caption\"><div class=\"fg-caption-inner\"><div class=\"fg-caption-title\">Escenograf\u00eda - Foba 8<\/div><div class=\"fg-caption-desc\">Calles Candela<\/div><\/div><\/figcaption><\/figure><div class=\"fg-loader\"><\/div><\/div><div class=\"fg-item\"><figure class=\"fg-item-inner\"><a href=\"http:\/\/avmartinmalharro.edu.ar\/usina\/wp-content\/uploads\/2020\/09\/Escenografia_Foba8_Allendes-Malen-e1602598490915.jpeg\" data-caption-desc=\"Allendes Malen\" data-caption-title=\"Escenograf\u00eda - Foba 8\" data-attachment-id=\"1045\" class=\"fg-thumb\"><span class=\"fg-image-wrap\"><img width=\"280\" height=\"210\" data-src-fg=\"http:\/\/avmartinmalharro.edu.ar\/usina\/wp-content\/uploads\/cache\/2020\/09\/Escenografia_Foba8_Allendes-Malen-e1602598490915\/2396017278.jpeg\" class=\"fg-image\" \/><\/span><\/a><figcaption class=\"fg-caption\"><div class=\"fg-caption-inner\"><div class=\"fg-caption-title\">Escenograf\u00eda - Foba 8<\/div><div class=\"fg-caption-desc\">Allendes Malen<\/div><\/div><\/figcaption><\/figure><div class=\"fg-loader\"><\/div><\/div><div class=\"fg-item\"><figure class=\"fg-item-inner\"><a href=\"http:\/\/avmartinmalharro.edu.ar\/usina\/wp-content\/uploads\/2020\/09\/Escenografia_Foba8_Calles-Candela.png\" data-caption-desc=\"Calles Candela\" data-caption-title=\"Escenograf\u00eda - Foba 8\" data-attachment-id=\"1046\" class=\"fg-thumb\"><span class=\"fg-image-wrap\"><img width=\"280\" height=\"370\" data-src-fg=\"http:\/\/avmartinmalharro.edu.ar\/usina\/wp-content\/uploads\/cache\/2020\/09\/Escenografia_Foba8_Calles-Candela\/376696375.png\" class=\"fg-image\" \/><\/span><\/a><figcaption class=\"fg-caption\"><div class=\"fg-caption-inner\"><div class=\"fg-caption-title\">Escenograf\u00eda - Foba 8<\/div><div class=\"fg-caption-desc\">Calles Candela<\/div><\/div><\/figcaption><\/figure><div class=\"fg-loader\"><\/div><\/div><div class=\"fg-item\"><figure class=\"fg-item-inner\"><a href=\"http:\/\/avmartinmalharro.edu.ar\/usina\/wp-content\/uploads\/2020\/09\/Escenografia_Foba8_Issa-Maria-Cecilia2.jpg\" data-caption-desc=\"Issa Maria Cecilia2\" data-caption-title=\"Escenograf\u00eda - Foba 8\" data-attachment-id=\"1047\" class=\"fg-thumb\"><span class=\"fg-image-wrap\"><img width=\"280\" height=\"210\" data-src-fg=\"http:\/\/avmartinmalharro.edu.ar\/usina\/wp-content\/uploads\/cache\/2020\/09\/Escenografia_Foba8_Issa-Maria-Cecilia2\/2967049009.jpg\" class=\"fg-image\" \/><\/span><\/a><figcaption class=\"fg-caption\"><div class=\"fg-caption-inner\"><div class=\"fg-caption-title\">Escenograf\u00eda - Foba 8<\/div><div class=\"fg-caption-desc\">Issa Maria Cecilia2<\/div><\/div><\/figcaption><\/figure><div class=\"fg-loader\"><\/div><\/div><div class=\"fg-item\"><figure class=\"fg-item-inner\"><a href=\"http:\/\/avmartinmalharro.edu.ar\/usina\/wp-content\/uploads\/2020\/09\/Escenografia_Foba8_Navarro-Giuliana_perspectiva-en-grafito.png\" data-caption-desc=\"Navarro Giuliana\" data-caption-title=\"Escenograf\u00eda - Foba 8 - Perspectiva en grafito\" data-attachment-id=\"1048\" class=\"fg-thumb\"><span class=\"fg-image-wrap\"><img width=\"280\" height=\"329\" data-src-fg=\"http:\/\/avmartinmalharro.edu.ar\/usina\/wp-content\/uploads\/cache\/2020\/09\/Escenografia_Foba8_Navarro-Giuliana_perspectiva-en-grafito\/3596576136.png\" class=\"fg-image\" \/><\/span><\/a><figcaption class=\"fg-caption\"><div class=\"fg-caption-inner\"><div class=\"fg-caption-title\">Escenograf\u00eda - Foba 8 - Perspectiva en grafito<\/div><div class=\"fg-caption-desc\">Navarro Giuliana<\/div><\/div><\/figcaption><\/figure><div class=\"fg-loader\"><\/div><\/div><div class=\"fg-item\"><figure class=\"fg-item-inner\"><a href=\"http:\/\/avmartinmalharro.edu.ar\/usina\/wp-content\/uploads\/2020\/09\/Escenografia_Foba8_Padilla-Alex.jpeg\" data-caption-desc=\"Padilla Alex\" data-caption-title=\"Escenograf\u00eda - Foba 8\" data-attachment-id=\"1049\" class=\"fg-thumb\"><span class=\"fg-image-wrap\"><img width=\"280\" height=\"365\" data-src-fg=\"http:\/\/avmartinmalharro.edu.ar\/usina\/wp-content\/uploads\/cache\/2020\/09\/Escenografia_Foba8_Padilla-Alex\/3856286824.jpeg\" class=\"fg-image\" \/><\/span><\/a><figcaption class=\"fg-caption\"><div class=\"fg-caption-inner\"><div class=\"fg-caption-title\">Escenograf\u00eda - Foba 8<\/div><div class=\"fg-caption-desc\">Padilla Alex<\/div><\/div><\/figcaption><\/figure><div class=\"fg-loader\"><\/div><\/div><div class=\"fg-item\"><figure class=\"fg-item-inner\"><a href=\"http:\/\/avmartinmalharro.edu.ar\/usina\/wp-content\/uploads\/2020\/09\/Escenografia_Foba8_Salord-Flor.png\" data-caption-desc=\"Salord Flor\" data-caption-title=\"Escenograf\u00eda - Foba 8\" data-attachment-id=\"1050\" class=\"fg-thumb\"><span class=\"fg-image-wrap\"><img width=\"280\" height=\"224\" data-src-fg=\"http:\/\/avmartinmalharro.edu.ar\/usina\/wp-content\/uploads\/cache\/2020\/09\/Escenografia_Foba8_Salord-Flor\/178356654.png\" class=\"fg-image\" \/><\/span><\/a><figcaption class=\"fg-caption\"><div class=\"fg-caption-inner\"><div class=\"fg-caption-title\">Escenograf\u00eda - Foba 8<\/div><div class=\"fg-caption-desc\">Salord Flor<\/div><\/div><\/figcaption><\/figure><div class=\"fg-loader\"><\/div><\/div><div class=\"fg-item\"><figure class=\"fg-item-inner\"><a href=\"http:\/\/avmartinmalharro.edu.ar\/usina\/wp-content\/uploads\/2020\/09\/Escenografia_-Foba8_Testa-Vanesa-Maquillaje.jpeg\" data-caption-desc=\"Testa Vanesa\" data-caption-title=\"Escenograf\u00eda - Foba 8 - Maquillaje\" data-attachment-id=\"1051\" class=\"fg-thumb\"><span class=\"fg-image-wrap\"><img width=\"280\" height=\"280\" data-src-fg=\"http:\/\/avmartinmalharro.edu.ar\/usina\/wp-content\/uploads\/cache\/2020\/09\/Escenografia_-Foba8_Testa-Vanesa-Maquillaje\/431579860.jpeg\" class=\"fg-image\" \/><\/span><\/a><figcaption class=\"fg-caption\"><div class=\"fg-caption-inner\"><div class=\"fg-caption-title\">Escenograf\u00eda - Foba 8 - Maquillaje<\/div><div class=\"fg-caption-desc\">Testa Vanesa<\/div><\/div><\/figcaption><\/figure><div class=\"fg-loader\"><\/div><\/div><div class=\"fg-item\"><figure class=\"fg-item-inner\"><a href=\"http:\/\/avmartinmalharro.edu.ar\/usina\/wp-content\/uploads\/2020\/09\/Escenografia_Foba-8-Rodriguez-SusanaLia.jpg\" data-caption-desc=\"Rodr\u00edguez Susana L\u00eda\" data-caption-title=\"Escenograf\u00eda - Foba 8\" data-attachment-id=\"1052\" class=\"fg-thumb\"><span class=\"fg-image-wrap\"><img width=\"280\" height=\"264\" data-src-fg=\"http:\/\/avmartinmalharro.edu.ar\/usina\/wp-content\/uploads\/cache\/2020\/09\/Escenografia_Foba-8-Rodriguez-SusanaLia\/357988170.jpg\" class=\"fg-image\" \/><\/span><\/a><figcaption class=\"fg-caption\"><div class=\"fg-caption-inner\"><div class=\"fg-caption-title\">Escenograf\u00eda - Foba 8<\/div><div class=\"fg-caption-desc\">Rodr\u00edguez Susana L\u00eda<\/div><\/div><\/figcaption><\/figure><div class=\"fg-loader\"><\/div><\/div><div class=\"fg-item\"><figure class=\"fg-item-inner\"><a href=\"http:\/\/avmartinmalharro.edu.ar\/usina\/wp-content\/uploads\/2020\/09\/Escenografia_Foba-8-Salord-Flor.jpg\" data-caption-desc=\"Salord Flor\" data-caption-title=\"Escenograf\u00eda - Foba 8\" data-attachment-id=\"1053\" class=\"fg-thumb\"><span class=\"fg-image-wrap\"><img width=\"280\" height=\"235\" data-src-fg=\"http:\/\/avmartinmalharro.edu.ar\/usina\/wp-content\/uploads\/cache\/2020\/09\/Escenografia_Foba-8-Salord-Flor\/1283167785.jpg\" class=\"fg-image\" \/><\/span><\/a><figcaption class=\"fg-caption\"><div class=\"fg-caption-inner\"><div class=\"fg-caption-title\">Escenograf\u00eda - Foba 8<\/div><div class=\"fg-caption-desc\">Salord Flor<\/div><\/div><\/figcaption><\/figure><div class=\"fg-loader\"><\/div><\/div><div class=\"fg-item\"><figure class=\"fg-item-inner\"><a href=\"http:\/\/avmartinmalharro.edu.ar\/usina\/wp-content\/uploads\/2020\/09\/Foba-8-CandelaCalles-1.jpg\" data-caption-desc=\"Candela Calles\" data-caption-title=\"Escenograf\u00eda - Foba 8\" data-attachment-id=\"1054\" class=\"fg-thumb\"><span class=\"fg-image-wrap\"><img width=\"280\" height=\"277\" data-src-fg=\"http:\/\/avmartinmalharro.edu.ar\/usina\/wp-content\/uploads\/cache\/2020\/09\/Foba-8-CandelaCalles-1\/2466169415.jpg\" class=\"fg-image\" \/><\/span><\/a><figcaption class=\"fg-caption\"><div class=\"fg-caption-inner\"><div class=\"fg-caption-title\">Escenograf\u00eda - Foba 8<\/div><div class=\"fg-caption-desc\">Candela Calles<\/div><\/div><\/figcaption><\/figure><div class=\"fg-loader\"><\/div><\/div><div class=\"fg-item\"><figure class=\"fg-item-inner\"><a href=\"http:\/\/avmartinmalharro.edu.ar\/usina\/wp-content\/uploads\/2020\/09\/Escenograf\u00eda-3ero-Escenograf\u00eda-y-realizaci\u00f3n-Al\u00edas-Juan-Manuel-Comparativo.png\" data-caption-desc=\"Al\u00edas, Juan Manuel\" data-caption-title=\"Escenograf\u00eda - 3ero - Escenograf\u00eda y realizaci\u00f3n - Comparativo\" data-attachment-id=\"1055\" class=\"fg-thumb\"><span class=\"fg-image-wrap\"><img width=\"280\" height=\"158\" data-src-fg=\"http:\/\/avmartinmalharro.edu.ar\/usina\/wp-content\/uploads\/cache\/2020\/09\/Escenograf\u00eda-3ero-Escenograf\u00eda-y-realizaci\u00f3n-Al\u00edas-Juan-Manuel-Comparativo\/2661286248.png\" class=\"fg-image\" \/><\/span><\/a><figcaption class=\"fg-caption\"><div class=\"fg-caption-inner\"><div class=\"fg-caption-title\">Escenograf\u00eda - 3ero - Escenograf\u00eda y realizaci\u00f3n - Comparativo<\/div><div class=\"fg-caption-desc\">Al\u00edas, Juan Manuel<\/div><\/div><\/figcaption><\/figure><div class=\"fg-loader\"><\/div><\/div><div class=\"fg-item\"><figure class=\"fg-item-inner\"><a href=\"http:\/\/avmartinmalharro.edu.ar\/usina\/wp-content\/uploads\/2020\/09\/Escenograf\u00eda-Taller-Integrado-3er-a\u00f1o-Al\u00edas-Juan-Manuel-Boceto-digital-para-redise\u00f1o-escaparatismo-propuesta-iluminaci\u00f3n-1-1.jpg\" data-caption-desc=\"Al\u00edas, Juan Manuel\" data-caption-title=\"Escenograf\u00eda-Taller-Integrado-3er-a\u00f1o--Boceto-digital-para-redise\u00f1o-escaparatismo-propuesta-iluminaci\u00f3n\" data-attachment-id=\"1056\" class=\"fg-thumb\"><span class=\"fg-image-wrap\"><img width=\"280\" height=\"187\" data-src-fg=\"http:\/\/avmartinmalharro.edu.ar\/usina\/wp-content\/uploads\/cache\/2020\/09\/Escenograf\u00eda-Taller-Integrado-3er-a\u00f1o-Al\u00edas-Juan-Manuel-Boceto-digital-para-redise\u00f1o-escaparatismo-propuesta-iluminaci\u00f3n-1-1\/397057125.jpg\" class=\"fg-image\" \/><\/span><\/a><figcaption class=\"fg-caption\"><div class=\"fg-caption-inner\"><div class=\"fg-caption-title\">Escenograf\u00eda-Taller-Integrado-3er-a\u00f1o--Boceto-digital-para-redise\u00f1o-escaparatismo-propuesta-iluminaci\u00f3n<\/div><div class=\"fg-caption-desc\">Al\u00edas, Juan Manuel<\/div><\/div><\/figcaption><\/figure><div class=\"fg-loader\"><\/div><\/div><div class=\"fg-item\"><figure class=\"fg-item-inner\"><a href=\"http:\/\/avmartinmalharro.edu.ar\/usina\/wp-content\/uploads\/2020\/09\/Escenograf\u00eda-Taller-Integrado-3er-a\u00f1o-Al\u00edas-Juan-Manuel-Boceto-digital-para-redise\u00f1o-escaparatismo-supuesto-escaparate-tem\u00e1tico-1.jpg\" data-caption-desc=\"Al\u00edas, Juan Manuel\" data-caption-title=\"Escenograf\u00eda - Taller Integrado, 3er a\u00f1o - Boceto digital para redise\u00f1o escaparatismo (supuesto escaparate tem\u00e1tico)\" data-attachment-id=\"1057\" class=\"fg-thumb\"><span class=\"fg-image-wrap\"><img width=\"280\" height=\"187\" data-src-fg=\"http:\/\/avmartinmalharro.edu.ar\/usina\/wp-content\/uploads\/cache\/2020\/09\/Escenograf\u00eda-Taller-Integrado-3er-a\u00f1o-Al\u00edas-Juan-Manuel-Boceto-digital-para-redise\u00f1o-escaparatismo-supuesto-escaparate-tem\u00e1tico-1\/3759079594.jpg\" class=\"fg-image\" \/><\/span><\/a><figcaption class=\"fg-caption\"><div class=\"fg-caption-inner\"><div class=\"fg-caption-title\">Escenograf\u00eda - Taller Integrado, 3er a\u00f1o - Boceto digital para redise\u00f1o escaparatismo (supuesto escaparate tem\u00e1tico)<\/div><div class=\"fg-caption-desc\">Al\u00edas, Juan Manuel<\/div><\/div><\/figcaption><\/figure><div class=\"fg-loader\"><\/div><\/div><div class=\"fg-item\"><figure class=\"fg-item-inner\"><a href=\"http:\/\/avmartinmalharro.edu.ar\/usina\/wp-content\/uploads\/2020\/09\/Escenografia.-3er-a\u00f1o-Alias-Juan-Manuel.-Escenotecnia-2-Escenario-Cicular.jpg\" data-caption-desc=\"Al\u00edas, Juan Manuel\" data-caption-title=\"Escenografia. 3er a\u00f1o - Escenotecnia 2 - Escenario Cicular\" data-attachment-id=\"1058\" class=\"fg-thumb\"><span class=\"fg-image-wrap\"><img width=\"280\" height=\"206\" data-src-fg=\"http:\/\/avmartinmalharro.edu.ar\/usina\/wp-content\/uploads\/cache\/2020\/09\/Escenografia_-3er-a\u00f1o-Alias-Juan-Manuel_-Escenotecnia-2-Escenario-Cicular\/735371022.jpg\" class=\"fg-image\" \/><\/span><\/a><figcaption class=\"fg-caption\"><div class=\"fg-caption-inner\"><div class=\"fg-caption-title\">Escenografia. 3er a\u00f1o - Escenotecnia 2 - Escenario Cicular<\/div><div class=\"fg-caption-desc\">Al\u00edas, Juan Manuel<\/div><\/div><\/figcaption><\/figure><div class=\"fg-loader\"><\/div><\/div><div class=\"fg-item\"><figure class=\"fg-item-inner\"><a href=\"http:\/\/avmartinmalharro.edu.ar\/usina\/wp-content\/uploads\/2020\/09\/Escenografia.-3er-a\u00f1o-Alias-Juan-Manuel.-Escenotecnia-2-Escenario-Pasarela.jpg\" data-caption-desc=\"Al\u00edas, Juan Manuel\" data-caption-title=\"Escenografia - 3er a\u00f1o Alias Juan Manuel - Escenotecnia 2 - Escenario Pasarela\" data-attachment-id=\"1059\" class=\"fg-thumb\"><span class=\"fg-image-wrap\"><img width=\"280\" height=\"206\" data-src-fg=\"http:\/\/avmartinmalharro.edu.ar\/usina\/wp-content\/uploads\/cache\/2020\/09\/Escenografia_-3er-a\u00f1o-Alias-Juan-Manuel_-Escenotecnia-2-Escenario-Pasarela\/774116053.jpg\" class=\"fg-image\" \/><\/span><\/a><figcaption class=\"fg-caption\"><div class=\"fg-caption-inner\"><div class=\"fg-caption-title\">Escenografia - 3er a\u00f1o Alias Juan Manuel - Escenotecnia 2 - Escenario Pasarela<\/div><div class=\"fg-caption-desc\">Al\u00edas, Juan Manuel<\/div><\/div><\/figcaption><\/figure><div class=\"fg-loader\"><\/div><\/div><div class=\"fg-item\"><figure class=\"fg-item-inner\"><a href=\"http:\/\/avmartinmalharro.edu.ar\/usina\/wp-content\/uploads\/2020\/09\/Escenografia_3\u00b0a\u00f1o_Alias-Juan-Manuel_Aniversario-Malharro-Photo-boot.jpg\" data-caption-desc=\"Al\u00edas, Juan Manuel\" data-caption-title=\"Escenograf\u00eda 3\u00b0a\u00f1o- Aniversario Malharro Photo boot\" data-attachment-id=\"1060\" class=\"fg-thumb\"><span class=\"fg-image-wrap\"><img width=\"280\" height=\"186\" data-src-fg=\"http:\/\/avmartinmalharro.edu.ar\/usina\/wp-content\/uploads\/cache\/2020\/09\/Escenografia_3\u00b0a\u00f1o_Alias-Juan-Manuel_Aniversario-Malharro-Photo-boot\/117399180.jpg\" class=\"fg-image\" \/><\/span><\/a><figcaption class=\"fg-caption\"><div class=\"fg-caption-inner\"><div class=\"fg-caption-title\">Escenograf\u00eda 3\u00b0a\u00f1o- Aniversario Malharro Photo boot<\/div><div class=\"fg-caption-desc\">Al\u00edas, Juan Manuel<\/div><\/div><\/figcaption><\/figure><div class=\"fg-loader\"><\/div><\/div><div class=\"fg-item\"><figure class=\"fg-item-inner\"><a href=\"http:\/\/avmartinmalharro.edu.ar\/usina\/wp-content\/uploads\/2020\/09\/Escenografia_3\u00b0a\u00f1o_Di-Mauro-B\u00e1rbara2.jpg\" data-caption-desc=\"Mauro B\u00e1rbara\" data-caption-title=\"Escenografia - 3er a\u00f1o\" data-attachment-id=\"1062\" class=\"fg-thumb\"><span class=\"fg-image-wrap\"><img width=\"280\" height=\"210\" data-src-fg=\"http:\/\/avmartinmalharro.edu.ar\/usina\/wp-content\/uploads\/cache\/2020\/09\/Escenografia_3\u00b0a\u00f1o_Di-Mauro-B\u00e1rbara2\/2901178348.jpg\" class=\"fg-image\" \/><\/span><\/a><figcaption class=\"fg-caption\"><div class=\"fg-caption-inner\"><div class=\"fg-caption-title\">Escenografia - 3er a\u00f1o<\/div><div class=\"fg-caption-desc\">Mauro B\u00e1rbara<\/div><\/div><\/figcaption><\/figure><div class=\"fg-loader\"><\/div><\/div><div class=\"fg-item\"><figure class=\"fg-item-inner\"><a href=\"http:\/\/avmartinmalharro.edu.ar\/usina\/wp-content\/uploads\/2020\/09\/Escenografia_3\u00b0a\u00f1o_Di-Mauro-B\u00e1rbara3.jpg\" data-caption-desc=\"Mauro B\u00e1rbara\" data-caption-title=\"Escenografia - 3er a\u00f1o\" data-attachment-id=\"1063\" class=\"fg-thumb\"><span class=\"fg-image-wrap\"><img width=\"280\" height=\"210\" data-src-fg=\"http:\/\/avmartinmalharro.edu.ar\/usina\/wp-content\/uploads\/cache\/2020\/09\/Escenografia_3\u00b0a\u00f1o_Di-Mauro-B\u00e1rbara3\/3084385959.jpg\" class=\"fg-image\" \/><\/span><\/a><figcaption class=\"fg-caption\"><div class=\"fg-caption-inner\"><div class=\"fg-caption-title\">Escenografia - 3er a\u00f1o<\/div><div class=\"fg-caption-desc\">Mauro B\u00e1rbara<\/div><\/div><\/figcaption><\/figure><div class=\"fg-loader\"><\/div><\/div><div class=\"fg-item\"><figure class=\"fg-item-inner\"><a href=\"http:\/\/avmartinmalharro.edu.ar\/usina\/wp-content\/uploads\/2020\/09\/Escenografia_3\u00b0a\u00f1o_Di-Mauro-B\u00e1rbara6.jpg\" data-caption-desc=\"Mauro B\u00e1rbara\" data-caption-title=\"Escenografia - 3er a\u00f1o\" data-attachment-id=\"1064\" class=\"fg-thumb\"><span class=\"fg-image-wrap\"><img width=\"280\" height=\"210\" data-src-fg=\"http:\/\/avmartinmalharro.edu.ar\/usina\/wp-content\/uploads\/cache\/2020\/09\/Escenografia_3\u00b0a\u00f1o_Di-Mauro-B\u00e1rbara6\/3025159979.jpg\" class=\"fg-image\" \/><\/span><\/a><figcaption class=\"fg-caption\"><div class=\"fg-caption-inner\"><div class=\"fg-caption-title\">Escenografia - 3er a\u00f1o<\/div><div class=\"fg-caption-desc\">Mauro B\u00e1rbara<\/div><\/div><\/figcaption><\/figure><div class=\"fg-loader\"><\/div><\/div><div class=\"fg-item\"><figure class=\"fg-item-inner\"><a href=\"http:\/\/avmartinmalharro.edu.ar\/usina\/wp-content\/uploads\/2020\/09\/Escenografia_3\u00b0a\u00f1o_Martinez-Grisel-Emiliano-Baraboglia.jpg\" data-caption-desc=\"Martinez Grisel-Emiliano Baraboglia\" data-caption-title=\"Escenografia - 3er a\u00f1o\" data-attachment-id=\"1065\" class=\"fg-thumb\"><span class=\"fg-image-wrap\"><img width=\"280\" height=\"210\" data-src-fg=\"http:\/\/avmartinmalharro.edu.ar\/usina\/wp-content\/uploads\/cache\/2020\/09\/Escenografia_3\u00b0a\u00f1o_Martinez-Grisel-Emiliano-Baraboglia\/3966915842.jpg\" class=\"fg-image\" \/><\/span><\/a><figcaption class=\"fg-caption\"><div class=\"fg-caption-inner\"><div class=\"fg-caption-title\">Escenografia - 3er a\u00f1o<\/div><div class=\"fg-caption-desc\">Martinez Grisel-Emiliano Baraboglia<\/div><\/div><\/figcaption><\/figure><div class=\"fg-loader\"><\/div><\/div><div class=\"fg-item\"><figure class=\"fg-item-inner\"><a href=\"https:\/\/www.youtube.com\/playlist?list=PLltlqBlT5MWEhIQTMMvk1pFCKB32E6IIj\" target=\"_blank\" data-caption-title=\"VER VIDEOS\" data-attachment-id=\"1019\" class=\"fg-thumb\"><span class=\"fg-image-wrap\"><img width=\"280\" height=\"282\" data-src-fg=\"http:\/\/avmartinmalharro.edu.ar\/usina\/wp-content\/uploads\/cache\/2020\/09\/placa-video-1\/161594627.jpg\" class=\"fg-image\" \/><\/span><\/a><figcaption class=\"fg-caption\"><div class=\"fg-caption-inner\"><div class=\"fg-caption-title\">VER VIDEOS<\/div><\/div><\/figcaption><\/figure><div class=\"fg-loader\"><\/div><\/div><\/div><br \/>\n&nbsp;<\/p>\n<p style=\"text-align: center;\"><a class=\"volver-btn\" title=\"Volver\" href=\"http:\/\/avmartinmalharro.edu.ar\/usina\">Volver<\/a><\/p>\n","protected":false},"excerpt":{"rendered":"<p>&nbsp; Volver<\/p>\n","protected":false},"author":1,"featured_media":0,"parent":1155,"menu_order":0,"comment_status":"closed","ping_status":"closed","template":"","meta":{"_monsterinsights_skip_tracking":false,"_monsterinsights_sitenote_active":false,"_monsterinsights_sitenote_note":"","_monsterinsights_sitenote_category":0},"_links":{"self":[{"href":"http:\/\/avmartinmalharro.edu.ar\/usina\/wp-json\/wp\/v2\/pages\/184"}],"collection":[{"href":"http:\/\/avmartinmalharro.edu.ar\/usina\/wp-json\/wp\/v2\/pages"}],"about":[{"href":"http:\/\/avmartinmalharro.edu.ar\/usina\/wp-json\/wp\/v2\/types\/page"}],"author":[{"embeddable":true,"href":"http:\/\/avmartinmalharro.edu.ar\/usina\/wp-json\/wp\/v2\/users\/1"}],"replies":[{"embeddable":true,"href":"http:\/\/avmartinmalharro.edu.ar\/usina\/wp-json\/wp\/v2\/comments?post=184"}],"version-history":[{"count":6,"href":"http:\/\/avmartinmalharro.edu.ar\/usina\/wp-json\/wp\/v2\/pages\/184\/revisions"}],"predecessor-version":[{"id":1067,"href":"http:\/\/avmartinmalharro.edu.ar\/usina\/wp-json\/wp\/v2\/pages\/184\/revisions\/1067"}],"up":[{"embeddable":true,"href":"http:\/\/avmartinmalharro.edu.ar\/usina\/wp-json\/wp\/v2\/pages\/1155"}],"wp:attachment":[{"href":"http:\/\/avmartinmalharro.edu.ar\/usina\/wp-json\/wp\/v2\/media?parent=184"}],"curies":[{"name":"wp","href":"https:\/\/api.w.org\/{rel}","templated":true}]}}